{"id":240658,"date":"2021-03-07T18:42:10","date_gmt":"2021-03-07T18:42:10","guid":{"rendered":"https:\/\/museros.org\/?page_id=240658"},"modified":"2025-04-14T16:46:23","modified_gmt":"2025-04-14T16:46:23","slug":"biblioteca","status":"publish","type":"page","link":"https:\/\/museros.org\/inici\/es\/biblioteca\/","title":{"rendered":"Biblioteca"},"content":{"rendered":"<p>[et_pb_section fb_built=\u00bb1&#8243; _builder_version=\u00bb4.16&#8243; _module_preset=\u00bbdefault\u00bb custom_margin=\u00bb0px||||false|false\u00bb custom_padding=\u00bb0px||||false|false\u00bb global_colors_info=\u00bb{}\u00bb][et_pb_row column_structure=\u00bb1_4,3_4&#8243; _builder_version=\u00bb4.16&#8243; _module_preset=\u00bbdefault\u00bb custom_margin=\u00bb0px||||false|false\u00bb custom_padding=\u00bb0px||||false|false\u00bb global_colors_info=\u00bb{}\u00bb][et_pb_column type=\u00bb1_4&#8243; _builder_version=\u00bb4.16&#8243; _module_preset=\u00bbdefault\u00bb global_colors_info=\u00bb{}\u00bb][et_pb_image src=\u00bbhttps:\/\/museros.org\/wp-content\/uploads\/2022\/03\/agencia-lec-cas-180&#215;230-1.jpg\u00bb title_text=\u00bbagencia-lec-cas-180&#215;230&#8243; url=\u00bbhttps:\/\/museros.org\/inici\/es\/area-cultura\u00bb use_overlay=\u00bbon\u00bb overlay_icon_color=\u00bbrgba(224,43,32,0.5)\u00bb hover_overlay_color=\u00bbrgba(255,255,255,0.7)\u00bb hover_icon=\u00bb&#xe04d;||divi||400&#8243; align=\u00bbcenter\u00bb _builder_version=\u00bb4.16&#8243; _module_preset=\u00bbdefault\u00bb custom_margin=\u00bb9px||||false|false\u00bb custom_padding=\u00bb0px||0px||false|false\u00bb global_colors_info=\u00bb{}\u00bb][\/et_pb_image][\/et_pb_column][et_pb_column type=\u00bb3_4&#8243; _builder_version=\u00bb4.16&#8243; _module_preset=\u00bbdefault\u00bb global_colors_info=\u00bb{}\u00bb][et_pb_image src=\u00bbhttps:\/\/museros.org\/wp-content\/uploads\/2021\/03\/biblioteca-mural-01.png\u00bb title_text=\u00bbbiblioteca-mural-01&#8243; _builder_version=\u00bb4.17.4&#8243; _module_preset=\u00bbdefault\u00bb global_colors_info=\u00bb{}\u00bb][\/et_pb_image][et_pb_text _builder_version=\u00bb4.21.0&#8243; _module_preset=\u00bbdefault\u00bb custom_padding=\u00bb1px|||||\u00bb global_colors_info=\u00bb{}\u00bb]<\/p>\n<h2>Agencia de Lectura Municipal de Museros<\/h2>\n<h4>Juan Bautista Mu\u00f1oz Ferrandis<\/h4>\n<p>La Agencia de Lectura Municipal de Museros Juan Bautista Mu\u00f1oz Ferrandis est\u00e1 gestionada por el Ayuntamiento y se encuentra en el edificio de las antiguas Escuelas P\u00fablicas inauguradas en 1917.<\/p>\n<p>La Agencia de Lectura consta de dos salas: una de consulta, para hacer las tareas escolares, donde se encuentran los ordenadores, y est\u00e1 destinada a los m\u00e1s peque\u00f1os. Y otra, una sala de estudio para los m\u00e1s mayores, a partir de 16 a\u00f1os. Con la instalaci\u00f3n del ascensor ya puede acceder todo el p\u00fablico.<\/p>\n<p>En 2016 se inician las obras de la remodelaci\u00f3n del parque ubicado en su fachada este y en 2021, enmarcada en la iniciativa de actividades culturales al aire libre, se le encarga a la artista Julieta XFL, la realizaci\u00f3n de un mural relacionado con las actividades que se llevan a cabo desde la biblioteca.<\/p>\n<p>Calle de les Escoles Velles, 1<br \/>Tel\u00e9fono: 961 440 969<br \/>E-mail:<br \/><a href=\"mailto:biblioteca@museros.es\" target=\"_blank\" rel=\"noopener\">biblioteca@museros.es<\/a><br \/>Horario:<br \/>De lunes a viernes, de 16.00 h a 20.00 h.<br \/>Lunes y mi\u00e9rcoles, de 09.00 h a 14.00 h.<\/p>\n<p>DEL 15 DE MAYO AL 15 DE OCTUBRE<br \/>De lunes a viernes, de 16.00 h a 19.40 h.<br \/>Lunes y mi\u00e9rcoles, de 09.00 h a 14.00 h.<\/p>\n<p>[\/et_pb_text][et_pb_button button_url=\u00bbhttps:\/\/www.museros.org\/inici\/es\/mural-escoles-velles\u00bb button_text=\u00bbMural de Julieta XFL\u00bb button_alignment=\u00bbleft\u00bb button_alignment_tablet=\u00bb\u00bb button_alignment_phone=\u00bb\u00bb button_alignment_last_edited=\u00bbon|phone\u00bb _builder_version=\u00bb4.16&#8243; _module_preset=\u00bbdefault\u00bb custom_button=\u00bbon\u00bb button_text_color=\u00bb#ffffff\u00bb button_bg_color=\u00bb#cc3333&#8243; button_border_color=\u00bbrgba(0,0,0,0)\u00bb button_border_radius=\u00bb2px\u00bb button_icon=\u00bb&#x35;||divi||400&#8243; button_icon_color=\u00bb#ffffff\u00bb custom_margin=\u00bb40px||15px||false|false\u00bb locked=\u00bboff\u00bb global_colors_info=\u00bb{}\u00bb][\/et_pb_button][\/et_pb_column][\/et_pb_row][et_pb_row _builder_version=\u00bb4.17.3&#8243; _module_preset=\u00bbdefault\u00bb custom_margin=\u00bb||0px||false|false\u00bb custom_padding=\u00bb||0px||false|false\u00bb global_colors_info=\u00bb{}\u00bb][et_pb_column type=\u00bb4_4&#8243; _builder_version=\u00bb4.17.3&#8243; _module_preset=\u00bbdefault\u00bb global_colors_info=\u00bb{}\u00bb][et_pb_divider color=\u00bb#999999&#8243; divider_style=\u00bbdotted\u00bb divider_weight=\u00bb7px\u00bb _builder_version=\u00bb4.17.3&#8243; _module_preset=\u00bbdefault\u00bb custom_margin=\u00bb||||false|false\u00bb custom_padding=\u00bb||0px||false|false\u00bb global_colors_info=\u00bb{}\u00bb][\/et_pb_divider][et_pb_text module_id=\u00bbentrevistas\u00bb _builder_version=\u00bb4.17.3&#8243; _module_preset=\u00bbdefault\u00bb global_colors_info=\u00bb{}\u00bb]<\/p>\n<h2>Una escritora y un escritor de Museros<\/h2>\n<p>[\/et_pb_text][\/et_pb_column][\/et_pb_row][et_pb_row column_structure=\u00bb1_2,1_2&#8243; _builder_version=\u00bb4.17.2&#8243; _module_preset=\u00bbdefault\u00bb locked=\u00bboff\u00bb global_colors_info=\u00bb{}\u00bb][et_pb_column type=\u00bb1_2&#8243; _builder_version=\u00bb4.17.2&#8243; _module_preset=\u00bbdefault\u00bb global_colors_info=\u00bb{}\u00bb][et_pb_video src=\u00bbhttps:\/\/museros.org\/wp-content\/uploads\/2022\/04\/entrevista-erika-ok_MrxbTVvu.mp4&#8243; image_src=\u00bbhttps:\/\/museros.org\/wp-content\/uploads\/2022\/04\/interviu-erika-laguna.jpg\u00bb _builder_version=\u00bb4.17.2&#8243; _module_preset=\u00bbdefault\u00bb global_colors_info=\u00bb{}\u00bb][\/et_pb_video][\/et_pb_column][et_pb_column type=\u00bb1_2&#8243; _builder_version=\u00bb4.17.2&#8243; _module_preset=\u00bbdefault\u00bb global_colors_info=\u00bb{}\u00bb][et_pb_video src=\u00bbhttps:\/\/museros.org\/wp-content\/uploads\/2022\/04\/entrevista-jesus-ok_bEenJhOp.mp4&#8243; image_src=\u00bbhttps:\/\/museros.org\/wp-content\/uploads\/2022\/04\/interviu-jesus-piquer.jpg\u00bb _builder_version=\u00bb4.17.2&#8243; _module_preset=\u00bbdefault\u00bb global_colors_info=\u00bb{}\u00bb][\/et_pb_video][\/et_pb_column][\/et_pb_row][et_pb_row _builder_version=\u00bb4.16&#8243; _module_preset=\u00bbdefault\u00bb locked=\u00bboff\u00bb global_colors_info=\u00bb{}\u00bb][et_pb_column type=\u00bb4_4&#8243; _builder_version=\u00bb4.16&#8243; _module_preset=\u00bbdefault\u00bb global_colors_info=\u00bb{}\u00bb][et_pb_divider color=\u00bb#999999&#8243; divider_style=\u00bbdotted\u00bb divider_weight=\u00bb7px\u00bb _builder_version=\u00bb4.17.3&#8243; _module_preset=\u00bbdefault\u00bb custom_margin=\u00bb||||false|false\u00bb custom_padding=\u00bb||0px||false|false\u00bb global_colors_info=\u00bb{}\u00bb][\/et_pb_divider][et_pb_text module_id=\u00bbnoticias\u00bb _builder_version=\u00bb4.17.4&#8243; _module_preset=\u00bbdefault\u00bb custom_margin=\u00bb0px||||false|false\u00bb custom_padding=\u00bb0px||||false|false\u00bb global_colors_info=\u00bb{}\u00bb]<\/p>\n<h1>Noticias<\/h1>\n<p>[\/et_pb_text][et_pb_blog fullwidth=\u00bboff\u00bb posts_number=\u00bb3&#8243; include_categories=\u00bb1283&#8243; meta_date=\u00bbjM,Y\u00bb show_author=\u00bboff\u00bb show_pagination=\u00bboff\u00bb admin_label=\u00bbBlog noticias\u00bb _builder_version=\u00bb4.17.3&#8243; _module_preset=\u00bbdefault\u00bb min_height=\u00bb494.1px\u00bb custom_margin=\u00bb||-40px||false|false\u00bb custom_padding=\u00bb||0px||false|false\u00bb box_shadow_style=\u00bbpreset1&#8243; locked=\u00bboff\u00bb global_colors_info=\u00bb{}\u00bb][\/et_pb_blog][et_pb_divider color=\u00bb#E02B20&#8243; divider_weight=\u00bb4px\u00bb _builder_version=\u00bb4.27.4&#8243; _module_preset=\u00bbdefault\u00bb hover_enabled=\u00bb0&#8243; global_colors_info=\u00bb{}\u00bb custom_margin=\u00bb60px||||false|false\u00bb sticky_enabled=\u00bb0&#8243;][\/et_pb_divider][\/et_pb_column][\/et_pb_row][\/et_pb_section]<\/p>\n","protected":false},"excerpt":{"rendered":"<p>Agencia de Lectura Municipal de Museros Juan Bautista Mu\u00f1oz Ferrandis La Agencia de Lectura Municipal de Museros Juan Bautista Mu\u00f1oz Ferrandis est\u00e1 gestionada por el Ayuntamiento y se encuentra en el edificio de las antiguas Escuelas P\u00fablicas inauguradas en 1917. La Agencia de Lectura consta de dos salas: una de consulta, para hacer las tareas [&hellip;]<\/p>\n","protected":false},"author":8,"featured_media":0,"parent":0,"menu_order":0,"comment_status":"closed","ping_status":"closed","template":"","meta":{"_et_pb_use_builder":"on","_et_pb_old_content":"","_et_gb_content_width":"","_mc_calendar":[],"footnotes":""},"wf_page_folders":[174],"class_list":["post-240658","page","type-page","status-publish","hentry"],"_links":{"self":[{"href":"https:\/\/museros.org\/inici\/wp-json\/wp\/v2\/pages\/240658","targetHints":{"allow":["GET"]}}],"collection":[{"href":"https:\/\/museros.org\/inici\/wp-json\/wp\/v2\/pages"}],"about":[{"href":"https:\/\/museros.org\/inici\/wp-json\/wp\/v2\/types\/page"}],"author":[{"embeddable":true,"href":"https:\/\/museros.org\/inici\/wp-json\/wp\/v2\/users\/8"}],"replies":[{"embeddable":true,"href":"https:\/\/museros.org\/inici\/wp-json\/wp\/v2\/comments?post=240658"}],"version-history":[{"count":96,"href":"https:\/\/museros.org\/inici\/wp-json\/wp\/v2\/pages\/240658\/revisions"}],"predecessor-version":[{"id":273568,"href":"https:\/\/museros.org\/inici\/wp-json\/wp\/v2\/pages\/240658\/revisions\/273568"}],"wp:attachment":[{"href":"https:\/\/museros.org\/inici\/wp-json\/wp\/v2\/media?parent=240658"}],"wp:term":[{"taxonomy":"wf_page_folders","embeddable":true,"href":"https:\/\/museros.org\/inici\/wp-json\/wp\/v2\/wf_page_folders?post=240658"}],"curies":[{"name":"wp","href":"https:\/\/api.w.org\/{rel}","templated":true}]}}