{"id":239123,"date":"2020-05-27T13:38:30","date_gmt":"2020-05-27T13:38:30","guid":{"rendered":"https:\/\/www.museros.site\/pagina\/?page_id=105"},"modified":"2025-07-22T14:01:52","modified_gmt":"2025-07-22T14:01:52","slug":"directorio-municipal","status":"publish","type":"page","link":"https:\/\/museros.org\/inici\/es\/directorio-municipal\/","title":{"rendered":"Directorio municipal"},"content":{"rendered":"<p>[et_pb_section fb_built=\u00bb1&#8243; _builder_version=\u00bb4.16&#8243; custom_padding=\u00bb0px||||false|false\u00bb global_colors_info=\u00bb{}\u00bb][et_pb_row column_structure=\u00bb1_4,3_4&#8243; _builder_version=\u00bb4.16&#8243; _module_preset=\u00bbdefault\u00bb custom_padding=\u00bb0px||||false|false\u00bb locked=\u00bboff\u00bb global_colors_info=\u00bb{}\u00bb][et_pb_column type=\u00bb1_4&#8243; _builder_version=\u00bb4.16&#8243; _module_preset=\u00bbdefault\u00bb global_colors_info=\u00bb{}\u00bb][\/et_pb_column][et_pb_column type=\u00bb3_4&#8243; _builder_version=\u00bb4.16&#8243; _module_preset=\u00bbdefault\u00bb global_colors_info=\u00bb{}\u00bb][et_pb_text _builder_version=\u00bb4.16&#8243; _module_preset=\u00bbdefault\u00bb global_colors_info=\u00bb{}\u00bb]<\/p>\n<h2>Directorio municipal<\/h2>\n<p>[\/et_pb_text][\/et_pb_column][\/et_pb_row][et_pb_row column_structure=\u00bb1_4,3_4&#8243; _builder_version=\u00bb4.16&#8243; custom_padding=\u00bb0px||||false|false\u00bb global_colors_info=\u00bb{}\u00bb][et_pb_column type=\u00bb1_4&#8243; _builder_version=\u00bb4.16&#8243; global_colors_info=\u00bb{}\u00bb][et_pb_image src=\u00bbhttps:\/\/museros.org\/wp-content\/uploads\/2021\/06\/elescudo-230&#215;180-1.jpg\u00bb title_text=\u00bbelescudo-230&#215;180&#8243; align=\u00bbcenter\u00bb src_tablet=\u00bb\u00bb src_phone=\u00bb\u00bb src_last_edited=\u00bbon|desktop\u00bb _builder_version=\u00bb4.16&#8243; _module_preset=\u00bbdefault\u00bb width=\u00bb100%\u00bb module_alignment=\u00bbright\u00bb custom_margin=\u00bb-20px||0px||false|false\u00bb custom_padding=\u00bb0px|0px|0px||false|false\u00bb locked=\u00bboff\u00bb global_colors_info=\u00bb{}\u00bb][\/et_pb_image][\/et_pb_column][et_pb_column type=\u00bb3_4&#8243; _builder_version=\u00bb4.16&#8243; global_colors_info=\u00bb{}\u00bb][et_pb_image src=\u00bbhttps:\/\/museros.org\/wp-content\/uploads\/2021\/04\/casadelavila-1080&#215;360-1.jpg\u00bb title_text=\u00bbcasadelavila-1080&#215;360&#8243; _builder_version=\u00bb4.16&#8243; _module_preset=\u00bbdefault\u00bb width=\u00bb100%\u00bb global_colors_info=\u00bb{}\u00bb][\/et_pb_image][et_pb_text _builder_version=\u00bb4.27.4&#8243; custom_padding=\u00bb||30px||false|false\u00bb global_colors_info=\u00bb{}\u00bb]<\/p>\n<p><span style=\"color: #000000;\"><strong>AYUNTAMIENTO DE MUSEROS<\/strong><\/span><br \/>Pla\u00e7a del Castell,1<br \/>Tel\u00e9fono: 961 441 680<br \/>Fax: 961 444 830<br \/>E-mail:<br \/><a href=\"mailto:museros@museros.es\" target=\"_blank\" rel=\"noopener\">museros@museros.es<\/a><br \/><a href=\"mailto:recaudacion@museros.es\" target=\"_blank\" rel=\"noopener\">recaudacion@museros.es<\/a><br \/>Horario: de 09.00 h a 14.00 h.<\/p>\n<p><strong>POLIC\u00cdA LOCAL<\/strong><br \/>Tel\u00e9fono: 607 607 967<br \/>E-mail:<br \/><a href=\"mailto:policia@museros.es\" target=\"_blank\" rel=\"noopener\">policia@museros.es<\/a><\/p>\n<p><strong>AGENCIA DE DESARROLLO LOCAL<\/strong><\/p>\n<p><strong>OFICINA D&#8217;\u00daS I PROMOCI\u00d3 DEL VALENCI\u00c0<\/strong><br \/>E-mail:<br \/><a href=\"mailto:aviva@museros.es\" target=\"_blank\" rel=\"noopener\">aviva@museros.es<\/a><\/p>\n<p><strong>JUZGADO DE PAZ<\/strong><br \/>E-mail:<br \/><a href=\"mailto:juzgadodepaz@museros.es\" target=\"_blank\" rel=\"noopener\">juzgadodepaz@museros.es<\/a><br \/>Horario: lunes de 09.00 h a 11.00 h. en el ayuntamiento.<\/p>\n<p>[\/et_pb_text][et_pb_divider color=\u00bb#999999&#8243; divider_style=\u00bbdotted\u00bb divider_weight=\u00bb7px\u00bb _builder_version=\u00bb4.16&#8243; _module_preset=\u00bbdefault\u00bb global_colors_info=\u00bb{}\u00bb][\/et_pb_divider][et_pb_image src=\u00bbhttps:\/\/museros.org\/wp-content\/uploads\/2021\/03\/biblioteca-mural-01.png\u00bb title_text=\u00bbbiblioteca-mural-01&#8243; _builder_version=\u00bb4.17.4&#8243; _module_preset=\u00bbdefault\u00bb global_colors_info=\u00bb{}\u00bb][\/et_pb_image][et_pb_text _builder_version=\u00bb4.27.4&#8243; _module_preset=\u00bbdefault\u00bb custom_padding=\u00bb||30px||false|false\u00bb hover_enabled=\u00bb0&#8243; global_colors_info=\u00bb{}\u00bb sticky_enabled=\u00bb0&#8243;]<\/p>\n<p><a href=\"https:\/\/museros.org\/biblioteca\"><strong>AGENCIA MUNICIPAL DE LECTURA<\/strong><\/a><br \/>Pla\u00e7a de les Escoles Velles, 1<br \/>Tel\u00e9fono: 961 440 969<br \/>E-mail:<br \/><a href=\"mailto:biblioteca@museros.es\" target=\"_blank\" rel=\"noopener\">biblioteca@museros.es<\/a><br \/>\u200bHorario: <br \/>De lunes a viernes, de 16.00 h a 20.00 h.<br \/>Lunes y mi\u00e9rcoles, de 09.00 h a 14.00 h.<\/p>\n<p>DEL 15 DE MAYO AL 15 DE OCTUBRE<br \/>De lunes a viernes, de 16.00 h a 19.40 h.<br \/>Lunes y mi\u00e9rcoles, de 09.00 h a 14.00 h.<\/p>\n<p>[\/et_pb_text][et_pb_divider color=\u00bb#999999&#8243; divider_style=\u00bbdotted\u00bb divider_weight=\u00bb7px\u00bb _builder_version=\u00bb4.16&#8243; _module_preset=\u00bbdefault\u00bb global_colors_info=\u00bb{}\u00bb][\/et_pb_divider][et_pb_image src=\u00bbhttps:\/\/museros.org\/wp-content\/uploads\/2021\/04\/casadecultura-1080&#215;360-72.jpg\u00bb title_text=\u00bbcasadecultura-1080&#215;360-72&#8243; _builder_version=\u00bb4.16&#8243; _module_preset=\u00bbdefault\u00bb global_colors_info=\u00bb{}\u00bb][\/et_pb_image][et_pb_text _builder_version=\u00bb4.27.4&#8243; _module_preset=\u00bbdefault\u00bb custom_padding=\u00bb||30px|0px|false|false\u00bb global_colors_info=\u00bb{}\u00bb]<\/p>\n<p><a href=\"https:\/\/museros.org\/inici\/es\/casa-de-cultura-cs\"><strong>CASA DE CULTURA<\/strong><\/a><br \/>Avinguda del Pa\u00eds Valenci\u00e0, 17<br \/>Tel\u00e9fono: 961 444 835<br \/>E-mail:<br \/><a href=\"mailto:casadecultura@museros.es\" target=\"_blank\" rel=\"noopener\">casadecultura@museros.es<\/a><br \/>Coordinaci\u00f3n Casa de Cultura<br \/>Horarios de atenci\u00f3n al p\u00fablico:<br \/>DE LUNES A JUEVES<br \/>Ma\u00f1anas. De 09.30 h a 12.30 h.<br \/>Tardes: De 17.00 h a 20.30 h.<br \/>VIERNES<br \/>Ma\u00f1anas. De 09.30 h a 12.30 h.<br \/>Excepto el \u00faltimo viernes de cada mes, que estar\u00e1 cerrado.<\/p>\n<p>[\/et_pb_text][et_pb_divider color=\u00bb#999999&#8243; divider_style=\u00bbdotted\u00bb divider_weight=\u00bb7px\u00bb _builder_version=\u00bb4.16&#8243; _module_preset=\u00bbdefault\u00bb global_colors_info=\u00bb{}\u00bb][\/et_pb_divider][et_pb_image src=\u00bbhttps:\/\/museros.org\/wp-content\/uploads\/2021\/04\/centrodedia.jpg\u00bb title_text=\u00bbcentrodedia\u00bb _builder_version=\u00bb4.16&#8243; _module_preset=\u00bbdefault\u00bb global_colors_info=\u00bb{}\u00bb][\/et_pb_image][et_pb_text _builder_version=\u00bb4.16&#8243; _module_preset=\u00bbdefault\u00bb custom_padding=\u00bb||30px||false|false\u00bb global_colors_info=\u00bb{}\u00bb]<\/p>\n<p><a href=\"https:\/\/museros.org\/punto-de-informacion-catastral\"><strong>CENTRO SOCIAL DE D\u00cdA<\/strong><\/a><br \/>Avinguda de Blasco Ib\u00e1\u00f1ez, 87<br \/>Tel\u00e9fono: 960 262 153<br \/>E-mail:<br \/><a href=\"mailto:centrosocial@museros.es\" target=\"_blank\" rel=\"noopener\">centrosocial@museros.es<\/a><br \/>Horario: de 09.00 h a 14.00 h.<\/p>\n<p>[\/et_pb_text][et_pb_divider color=\u00bb#999999&#8243; divider_style=\u00bbdotted\u00bb divider_weight=\u00bb7px\u00bb _builder_version=\u00bb4.16&#8243; _module_preset=\u00bbdefault\u00bb global_colors_info=\u00bb{}\u00bb][\/et_pb_divider][et_pb_image src=\u00bbhttps:\/\/museros.org\/wp-content\/uploads\/2021\/04\/escuelainfantil-1080&#215;290-1.jpg\u00bb title_text=\u00bbescuelainfantil-1080&#215;290&#8243; _builder_version=\u00bb4.16&#8243; _module_preset=\u00bbdefault\u00bb global_colors_info=\u00bb{}\u00bb][\/et_pb_image][et_pb_text _builder_version=\u00bb4.18.0&#8243; _module_preset=\u00bbdefault\u00bb custom_padding=\u00bb||30px||false|false\u00bb global_colors_info=\u00bb{}\u00bb]<strong>ESCUELA INFANTIL DE PRIMER CICLO MUNICIPAL<\/strong><br \/>\nCarrer d&#8217;Enric Valor, 4<br \/>\nTel\u00e9fono: 960 262 160<br \/>\nE-mail:<br \/>\n<a href=\"mailto:escolainfantil@museros.es\" target=\"_blank\" rel=\"noopener\">escolainfantil@museros.es<\/a>[\/et_pb_text][et_pb_divider color=\u00bb#999999&#8243; divider_style=\u00bbdotted\u00bb divider_weight=\u00bb7px\u00bb _builder_version=\u00bb4.16&#8243; _module_preset=\u00bbdefault\u00bb global_colors_info=\u00bb{}\u00bb][\/et_pb_divider][et_pb_image src=\u00bbhttps:\/\/museros.org\/wp-content\/uploads\/2021\/04\/espaijove-1080&#215;360-1.jpg\u00bb title_text=\u00bbespaijove-1080&#215;360&#8243; _builder_version=\u00bb4.16&#8243; _module_preset=\u00bbdefault\u00bb global_colors_info=\u00bb{}\u00bb][\/et_pb_image][et_pb_text _builder_version=\u00bb4.18.1&#8243; _module_preset=\u00bbdefault\u00bb custom_padding=\u00bb||30px||false|false\u00bb global_colors_info=\u00bb{}\u00bb]<\/p>\n<p><strong>ESPAI JOVE<\/strong><br \/>Carrer Major, 17<br \/>Tel\u00e9fono: 697 437 361<br \/>E-mail:<a href=\"mailto:joventut@museros.es\"><\/a><br \/><a href=\"mailto:joventut@museros.es\">joventut@museros.es<\/a><\/p>\n<p>Horarios de atenci\u00f3n al p\u00fablico:<\/p>\n<p>&nbsp;<\/p>\n<div class=\"et_pb_module et_pb_text et_pb_text_0  et_pb_text_align_left et_pb_bg_layout_light\" style=\"box-sizing: border-box; margin: 0px 0px 16.1875px; padding: 0px; border: 0px; outline: 0px; font-size: 16px; text-size-adjust: 100%; vertical-align: baseline; background: 50% center \/ cover no-repeat #ffffff; position: relative; animation-timing-function: linear; animation-duration: 0.2s; overflow-wrap: break-word; text-align: left; color: #333333; font-family: 'Open Sans', Arial, sans-serif; font-style: normal; font-variant-ligatures: normal; font-variant-caps: normal; font-weight: 500; letter-spacing: normal; orphans: 2; text-indent: 0px; text-transform: none; white-space: normal; widows: 2; word-spacing: 0px; -webkit-text-stroke-width: 0px; text-decoration-thickness: initial; text-decoration-style: initial; text-decoration-color: initial;\">\n<div class=\"et_pb_text_inner\" style=\"box-sizing: border-box; margin: 0px; padding: 0px; border: 0px; outline: 0px; font-size: 16px; text-size-adjust: 100%; vertical-align: baseline; background: transparent; position: relative;\">\n<p style=\"box-sizing: border-box; margin: 0px; padding: 0px 0px 1em; border: 0px; outline: 0px; font-size: 16px; text-size-adjust: 100%; vertical-align: baseline; background: transparent;\">MA\u00d1ANAS<br style=\"box-sizing: border-box;\" \/>Lunes: de 09.00 h a 14.00 h.<\/p>\n<p style=\"box-sizing: border-box; margin: 0px; padding: 0px 0px 1em; border: 0px; outline: 0px; font-size: 16px; text-size-adjust: 100%; vertical-align: baseline; background: transparent;\">TARDES<br style=\"box-sizing: border-box;\" \/>Martes, mi\u00e9rcoles, jueves y viernes: de 16.15 h a 19.30 h.<\/p>\n<p style=\"box-sizing: border-box; margin: 0px; padding: 0px; border: 0px; outline: 0px; font-size: 16px; text-size-adjust: 100%; vertical-align: baseline; background: transparent;\">VERANO<br style=\"box-sizing: border-box;\" \/>Julio: de 09.00 h a 14.00 h.<br style=\"box-sizing: border-box;\" \/>Agosto cerrado<\/p>\n<\/div>\n<\/div>\n<p>[\/et_pb_text][et_pb_divider color=\u00bb#999999&#8243; divider_style=\u00bbdotted\u00bb divider_weight=\u00bb7px\u00bb _builder_version=\u00bb4.16&#8243; _module_preset=\u00bbdefault\u00bb global_colors_info=\u00bb{}\u00bb][\/et_pb_divider][et_pb_image src=\u00bbhttps:\/\/museros.org\/wp-content\/uploads\/2021\/04\/poliesportiu.jpg\u00bb title_text=\u00bbpoliesportiu\u00bb module_id=\u00bbpolideportivo\u00bb _builder_version=\u00bb4.17.4&#8243; _module_preset=\u00bbdefault\u00bb global_colors_info=\u00bb{}\u00bb][\/et_pb_image][et_pb_text _builder_version=\u00bb4.18.1&#8243; _module_preset=\u00bbdefault\u00bb custom_padding=\u00bb||30px||false|false\u00bb global_colors_info=\u00bb{}\u00bb]<\/p>\n<p><strong><\/strong><strong>POLIDEPORTIVO<\/strong><br \/>Cam\u00ed de Sant Onofre<\/p>\n<p><strong>Horario al p\u00fablico de las instalaciones del polideportivo<\/strong><br \/>De martes a viernes: de 17.00 h a 20.00 h<br \/>S\u00e1bados y domingos: de 10.00 h a 13.00 h y de 17.00 h a 20.00 h<br \/>Lunes y festivos cerrado.<\/p>\n<p><strong>Horario de reservas de las instalaciones del polideportivo<\/strong><br \/>De martes a viernes: de 17.00 h a 20.00 h<br \/>Tel\u00e9fono de reservas: 697 163 497 (solo se atender\u00e1n telefonadas, no whatsapp ni otros) Imprescindible efectuar la reserva y recibir la confirmaci\u00f3n del conserje para acceder a las instalaciones.<\/p>\n<p>[\/et_pb_text][et_pb_divider color=\u00bb#999999&#8243; divider_style=\u00bbdotted\u00bb divider_weight=\u00bb7px\u00bb _builder_version=\u00bb4.16&#8243; _module_preset=\u00bbdefault\u00bb global_colors_info=\u00bb{}\u00bb][\/et_pb_divider][et_pb_image src=\u00bbhttps:\/\/museros.org\/wp-content\/uploads\/2021\/04\/multideporte-1080&#215;250-1.jpg\u00bb title_text=\u00bbmultideporte-1080&#215;250&#8243; _builder_version=\u00bb4.16&#8243; _module_preset=\u00bbdefault\u00bb global_colors_info=\u00bb{}\u00bb][\/et_pb_image][et_pb_text _builder_version=\u00bb4.27.4&#8243; _module_preset=\u00bbdefault\u00bb global_colors_info=\u00bb{}\u00bb]<\/p>\n<p><strong>PISTAS MULTIDEPORTE<\/strong><br \/>Carrer Orde de Sant Jaume<\/p>\n<p><b>HORARIO<br \/><\/b><br \/><strong>De junio a septiembre<\/strong><br \/>De 10.00 h a 22.00 h.<br \/><strong>De octubre a mayo<\/strong><br \/>De 10.00 a 21.00 h.<\/p>\n<p>[\/et_pb_text][et_pb_divider color=\u00bb#999999&#8243; divider_style=\u00bbdotted\u00bb divider_weight=\u00bb7px\u00bb _builder_version=\u00bb4.16&#8243; _module_preset=\u00bbdefault\u00bb global_colors_info=\u00bb{}\u00bb][\/et_pb_divider][et_pb_image src=\u00bbhttps:\/\/museros.org\/wp-content\/uploads\/2021\/10\/paellers.jpg\u00bb title_text=\u00bbpaellers\u00bb _builder_version=\u00bb4.16&#8243; _module_preset=\u00bbdefault\u00bb global_colors_info=\u00bb{}\u00bb][\/et_pb_image][et_pb_text _builder_version=\u00bb4.27.4&#8243; _module_preset=\u00bbdefault\u00bb global_colors_info=\u00bb{}\u00bb]<\/p>\n<p><strong>PAELLEROS MUNICIPALES<\/strong><br \/>Cam\u00ed de Sant Onofre<\/p>\n<p><strong>HORARIO<\/strong><\/p>\n<p><strong style=\"background: transparent; font-size: 16px; box-sizing: border-box; margin: 0px; padding: 0px; border: 0px; outline: 0px; text-size-adjust: 100%; vertical-align: baseline;\">De abril a octubre<br \/><\/strong><span style=\"background-color: transparent; font-size: 16px;\">S\u00e1bados y domingos, de 10.00 h a 20.00 h<\/span><\/p>\n<div class=\"et_pb_module et_pb_text et_pb_text_0 et_pb_text_align_left et_pb_bg_layout_light\" style=\"box-sizing: border-box; margin: 0px 0px 16.1875px; padding: 0px; border: 0px; outline: 0px; font-size: 16px; text-size-adjust: 100%; vertical-align: baseline; background: 50% center \/ cover no-repeat #ffffff; position: relative; animation-timing-function: linear; animation-duration: 0.2s; overflow-wrap: break-word; text-align: left; font-family: 'Open Sans', Arial, sans-serif; font-style: normal; font-variant-ligatures: normal; font-variant-caps: normal; font-weight: 500; letter-spacing: normal; orphans: 2; text-indent: 0px; text-transform: none; white-space: normal; widows: 2; word-spacing: 0px; -webkit-text-stroke-width: 0px; text-decoration-thickness: initial; text-decoration-style: initial; text-decoration-color: initial;\">\n<div class=\"et_pb_text_inner\" style=\"box-sizing: border-box; margin: 0px; padding: 0px; border: 0px; outline: 0px; font-size: 16px; text-size-adjust: 100%; vertical-align: baseline; background: transparent; position: relative;\">\n<p style=\"box-sizing: border-box; margin: 0px; padding: 0px 0px 1em; border: 0px; outline: 0px; font-size: 16px; text-size-adjust: 100%; vertical-align: baseline; background: transparent;\"><strong style=\"box-sizing: border-box; margin: 0px; padding: 0px; border: 0px; outline: 0px; font-size: 16px; text-size-adjust: 100%; vertical-align: baseline; background: transparent; font-weight: bold;\">De noviembre a marzo<\/strong><br style=\"box-sizing: border-box;\" \/>S\u00e1bados y domingos, de 10.00 h a 19.00 h<\/p>\n<p style=\"box-sizing: border-box; margin: 0px; padding: 0px 0px 1em; border: 0px; outline: 0px; font-size: 16px; text-size-adjust: 100%; vertical-align: baseline; background: transparent;\">Los d\u00edas festivos estar\u00e1n cerrados, excepto que se comunique el contrario en las redes sociales.<br style=\"box-sizing: border-box;\" \/>Queda prohibida la entrada de animales, exceptuando los perros gu\u00eda.<\/p>\n<p><a href=\"https:\/\/museros.org\/inici\/es\/paelleros-municipales\/\">Reservas a trav\u00e9s del m\u00f3vil.<\/a><\/p>\n<\/div>\n<\/div>\n<p>[\/et_pb_text][\/et_pb_column][\/et_pb_row][et_pb_row _builder_version=\u00bb4.16&#8243; _module_preset=\u00bbdefault\u00bb locked=\u00bboff\u00bb global_colors_info=\u00bb{}\u00bb][et_pb_column type=\u00bb4_4&#8243; _builder_version=\u00bb4.16&#8243; _module_preset=\u00bbdefault\u00bb global_colors_info=\u00bb{}\u00bb][et_pb_divider color=\u00bb#cc0000&#8243; divider_weight=\u00bb4px\u00bb _builder_version=\u00bb4.16&#8243; _module_preset=\u00bbdefault\u00bb global_colors_info=\u00bb{}\u00bb][\/et_pb_divider][\/et_pb_column][\/et_pb_row][\/et_pb_section]<\/p>\n","protected":false},"excerpt":{"rendered":"<p>Directorio municipalAYUNTAMIENTO DE MUSEROSPla\u00e7a del Castell,1Tel\u00e9fono: 961 441 680Fax: 961 444 830E-mail:museros@museros.esrecaudacion@museros.esHorario: de 09.00 h a 14.00 h. POLIC\u00cdA LOCALTel\u00e9fono: 607 607 967E-mail:policia@museros.es AGENCIA DE DESARROLLO LOCAL OFICINA D&#8217;\u00daS I PROMOCI\u00d3 DEL VALENCI\u00c0E-mail:aviva@museros.es JUZGADO DE PAZE-mail:juzgadodepaz@museros.esHorario: lunes de 09.00 h a 11.00 h. en el ayuntamiento.AGENCIA MUNICIPAL DE LECTURAPla\u00e7a de les Escoles Velles, 1Tel\u00e9fono: 961 [&hellip;]<\/p>\n","protected":false},"author":8,"featured_media":0,"parent":0,"menu_order":0,"comment_status":"closed","ping_status":"closed","template":"","meta":{"_et_pb_use_builder":"on","_et_pb_old_content":"","_et_gb_content_width":"","_mc_calendar":[],"footnotes":""},"wf_page_folders":[276],"class_list":["post-239123","page","type-page","status-publish","hentry"],"_links":{"self":[{"href":"https:\/\/museros.org\/inici\/wp-json\/wp\/v2\/pages\/239123","targetHints":{"allow":["GET"]}}],"collection":[{"href":"https:\/\/museros.org\/inici\/wp-json\/wp\/v2\/pages"}],"about":[{"href":"https:\/\/museros.org\/inici\/wp-json\/wp\/v2\/types\/page"}],"author":[{"embeddable":true,"href":"https:\/\/museros.org\/inici\/wp-json\/wp\/v2\/users\/8"}],"replies":[{"embeddable":true,"href":"https:\/\/museros.org\/inici\/wp-json\/wp\/v2\/comments?post=239123"}],"version-history":[{"count":96,"href":"https:\/\/museros.org\/inici\/wp-json\/wp\/v2\/pages\/239123\/revisions"}],"predecessor-version":[{"id":276349,"href":"https:\/\/museros.org\/inici\/wp-json\/wp\/v2\/pages\/239123\/revisions\/276349"}],"wp:attachment":[{"href":"https:\/\/museros.org\/inici\/wp-json\/wp\/v2\/media?parent=239123"}],"wp:term":[{"taxonomy":"wf_page_folders","embeddable":true,"href":"https:\/\/museros.org\/inici\/wp-json\/wp\/v2\/wf_page_folders?post=239123"}],"curies":[{"name":"wp","href":"https:\/\/api.w.org\/{rel}","templated":true}]}}